{"id":87009,"date":"2022-09-02T16:12:10","date_gmt":"2022-09-02T16:12:10","guid":{"rendered":"https:\/\/www.baca.ca\/galerie-shekon\/amanda-roy-azhinoowamaaidim\/"},"modified":"2024-01-23T15:20:14","modified_gmt":"2024-01-23T19:20:14","slug":"amanda-roy-azhinoowamaaidim","status":"publish","type":"page","link":"https:\/\/www.baca.ca\/en\/galerie-shekon\/amanda-roy-azhinoowamaaidim\/","title":{"rendered":"Amanda Roy : Azhinoowamaa\u2019idim"},"content":{"rendered":"<div class=\"wpb-content-wrapper\"><p>[vc_row][vc_column width=&#8221;1\/2&#8243;][vc_column_text uncode_shortcode_id=&#8221;392422&#8243;]September 10 \u2013 December 17, 2022<br \/>\nOpening reception: Saturday, September 10, 2022 from 3:00 to 5:00 p.m.<br \/>\nAmanda Roy :<em> Azhinoowamaa\u2019idim<\/em><br \/>\nCurator: Nico Williams<\/p>\n<p>Galerie Sh\u00e9:kon<br \/>\n5826, rue St-Hubert, 2\u00e8me \u00e9tage<br \/>\nTiohti\u00e0:ke \/ Mooniyang \/ Montr\u00e9al (QC) H2S 2L7<\/p>\n<p>Text by Nico Williams<\/p>\n<p>In 1906, J.P. Morgan commissioned American photographer Edward Curtis to create a series of portraits documenting the American NDN*. Over half a decade, Curtis set out with his camera, trunks of props, and regalia and traveled to communities, staging many idealized ways of indigenous life. In nearly all these photographs, Amanda Roy noticed that the facial expressions of all the models were made up of only sad glances and frowns.<\/p>\n<p>Curtis&#8217;s goal was not just to photograph but also to document as much of Native American traditional life as possible before that way of life disappeared. Amanda Roy knows how it is back home on the Rez and circuiting the Pow Wow trail, and these portraits never truly represented indigenous communities. Amanda Roy challenges these staged romanticized sad NDN glances by superimposing smiles on top of them as an act of resistance, using big auntie and uncle laughter energy to show that we are alive and have a sense of humor. The kind that knocks on the doors and wakes up the whole neighborhood.<\/p>\n<p>*NDN is a shortening of Native Indian. This is usually used by Native Americans in the United States to refer to themselves.<\/p>\n<p>Amanda Roy is Anishinaabe from the community of Buzwah (Wiikwemkoong Unceded Territory on Manitoulin Island). She has worked with the National Film Board as an Associate Producer for their Hothouse Animation Apprenticeship program and currently is an Associate Producer for the Quebec-Atlantic English studio. She has worked on various Indigenous productions (film, tv, and digital media projects) that have screened worldwide. She spent several years living in Northern Quebec assisting secondary students with learning video game production while travelling amongst several communities supporting the Cree Syllabics Virtual Reality Project-a program for learning Cree syllabics in an immersive and interactive virtual environment. Amanda is also a Hnatyshyn Foundation Reveal Indigenous Art Award Laureate and a Netflix-BANFF Diversity of Voices Fellow. Her work has exhibited at the Smithsonian Institute, the Berkeley Art Center, and the Royal Alberta Museum, amongst others.<\/p>\n<p>Nico Williams, \u1405\u144c\u14a5\u1423 (b. 1989), Anishinaabe and member of Aamjiwnaang First Nation community, is a visual artist currently working in Tiohti\u00e0:ke | Mooniyang | Montr\u00e9al. He has a multidisciplinary, often collaborative practice. Williams is an active member in the urban Indigenous Montreal Arts community. He has taught workshops at The Massachusetts Institute of Technology, NSCAD University, and Carleton University amongst others. His work has been shown internationally and across Canada, and his most recent solo exhibition, Chi-Miigwech (2021) was shown at Never Apart (Tiohti\u00e1:ke). His work has been supported by the Canada Council, Conseil des arts de Montr\u00e9al, Conseil des arts et des lettres du Qu\u00e9bec and by numerous grants.<\/p>\n<p>Galerie She:kon, which means &#8220;hello&#8221; in Kanien&#8217;k\u00e9h\u00e0, focuses on showcasing solo exhibitions by up-and-coming Indigenous artists. This initiative aims to uncover fresh talent and provide an opportunity for those interested in curating their first exhibition.<\/p>\n<p>Acknowledgements<\/p>\n<p>La Biennale d\u2019art contemporain autochtone \/ The Contemporary Native Art Biennial (BACA) would like to thank the Conseil des arts et des lettres du Qu\u00e9bec (CALQ) for their financial support.[\/vc_column_text][\/vc_column][vc_column width=&#8221;1\/2&#8243;][vc_gallery el_id=&#8221;gallery-107976&#8243; medias=&#8221;87152,87150,87148,87146,87144,87142,87140,87138,87136,87134,87132,87130,87128,87126,87124,87122,87120&#8243; gutter_size=&#8221;3&#8243; screen_lg=&#8221;1000&#8243; screen_md=&#8221;600&#8243; screen_sm=&#8221;480&#8243; single_overlay_opacity=&#8221;50&#8243; single_padding=&#8221;2&#8243; uncode_shortcode_id=&#8221;148329&#8243;][\/vc_column][\/vc_row]<\/p>\n<\/div>","protected":false},"excerpt":{"rendered":"<p>[vc_row][vc_column width=&#8221;1\/2&#8243;][vc_column_text uncode_shortcode_id=&#8221;392422&#8243;]September 10 \u2013 December 17, 2022 Opening reception: Saturday, September 10, 2022 from 3:00 to 5:00 p.m. Amanda [&hellip;]<\/p>\n","protected":false},"author":1,"featured_media":86578,"parent":86609,"menu_order":0,"comment_status":"closed","ping_status":"closed","template":"","meta":{"footnotes":""},"class_list":["post-87009","page","type-page","status-publish","has-post-thumbnail","hentry"],"yoast_head":"<!-- This site is optimized with the Yoast SEO plugin v27.5 - https:\/\/yoast.com\/product\/yoast-seo-wordpress\/ -->\n<title>Amanda Roy : Azhinoowamaa\u2019idim | La Biennale d\u2019art contemporain autochtone<\/title>\n<meta name=\"robots\" content=\"index, follow, max-snippet:-1, max-image-preview:large, max-video-preview:-1\" \/>\n<link rel=\"canonical\" href=\"https:\/\/www.baca.ca\/en\/galerie-shekon\/amanda-roy-azhinoowamaaidim\/\" \/>\n<meta property=\"og:locale\" content=\"en_US\" \/>\n<meta property=\"og:type\" content=\"article\" \/>\n<meta property=\"og:title\" content=\"Amanda Roy : Azhinoowamaa\u2019idim | La Biennale d\u2019art contemporain autochtone\" \/>\n<meta property=\"og:description\" content=\"[vc_row][vc_column width=&#8221;1\/2&#8243;][vc_column_text uncode_shortcode_id=&#8221;392422&#8243;]September 10 \u2013 December 17, 2022 Opening reception: Saturday, September 10, 2022 from 3:00 to 5:00 p.m. Amanda [&hellip;]\" \/>\n<meta property=\"og:url\" content=\"https:\/\/www.baca.ca\/en\/galerie-shekon\/amanda-roy-azhinoowamaaidim\/\" \/>\n<meta property=\"og:site_name\" content=\"La Biennale d\u2019art contemporain autochtone\" \/>\n<meta property=\"article:publisher\" content=\"https:\/\/www.facebook.com\/bacabiennale\/\" \/>\n<meta property=\"article:modified_time\" content=\"2024-01-23T19:20:14+00:00\" \/>\n<meta property=\"og:image\" content=\"https:\/\/www.baca.ca\/wp-content\/uploads\/2022\/08\/Amanda-Roy.jpg\" \/>\n\t<meta property=\"og:image:width\" content=\"1536\" \/>\n\t<meta property=\"og:image:height\" content=\"765\" \/>\n\t<meta property=\"og:image:type\" content=\"image\/jpeg\" \/>\n<meta name=\"twitter:card\" content=\"summary_large_image\" \/>\n<meta name=\"twitter:label1\" content=\"Est. reading time\" \/>\n\t<meta name=\"twitter:data1\" content=\"3 minutes\" \/>\n<script type=\"application\/ld+json\" class=\"yoast-schema-graph\">{\"@context\":\"https:\\\/\\\/schema.org\",\"@graph\":[{\"@type\":\"WebPage\",\"@id\":\"https:\\\/\\\/www.baca.ca\\\/en\\\/galerie-shekon\\\/amanda-roy-azhinoowamaaidim\\\/\",\"url\":\"https:\\\/\\\/www.baca.ca\\\/en\\\/galerie-shekon\\\/amanda-roy-azhinoowamaaidim\\\/\",\"name\":\"Amanda Roy : Azhinoowamaa\u2019idim | La Biennale d\u2019art contemporain autochtone\",\"isPartOf\":{\"@id\":\"https:\\\/\\\/www.baca.ca\\\/en\\\/#website\"},\"primaryImageOfPage\":{\"@id\":\"https:\\\/\\\/www.baca.ca\\\/en\\\/galerie-shekon\\\/amanda-roy-azhinoowamaaidim\\\/#primaryimage\"},\"image\":{\"@id\":\"https:\\\/\\\/www.baca.ca\\\/en\\\/galerie-shekon\\\/amanda-roy-azhinoowamaaidim\\\/#primaryimage\"},\"thumbnailUrl\":\"https:\\\/\\\/www.baca.ca\\\/wp-content\\\/uploads\\\/2022\\\/08\\\/Amanda-Roy.jpg\",\"datePublished\":\"2022-09-02T16:12:10+00:00\",\"dateModified\":\"2024-01-23T19:20:14+00:00\",\"breadcrumb\":{\"@id\":\"https:\\\/\\\/www.baca.ca\\\/en\\\/galerie-shekon\\\/amanda-roy-azhinoowamaaidim\\\/#breadcrumb\"},\"inLanguage\":\"en-US\",\"potentialAction\":[{\"@type\":\"ReadAction\",\"target\":[\"https:\\\/\\\/www.baca.ca\\\/en\\\/galerie-shekon\\\/amanda-roy-azhinoowamaaidim\\\/\"]}]},{\"@type\":\"ImageObject\",\"inLanguage\":\"en-US\",\"@id\":\"https:\\\/\\\/www.baca.ca\\\/en\\\/galerie-shekon\\\/amanda-roy-azhinoowamaaidim\\\/#primaryimage\",\"url\":\"https:\\\/\\\/www.baca.ca\\\/wp-content\\\/uploads\\\/2022\\\/08\\\/Amanda-Roy.jpg\",\"contentUrl\":\"https:\\\/\\\/www.baca.ca\\\/wp-content\\\/uploads\\\/2022\\\/08\\\/Amanda-Roy.jpg\",\"width\":1536,\"height\":765,\"caption\":\"Amanda Roy\"},{\"@type\":\"BreadcrumbList\",\"@id\":\"https:\\\/\\\/www.baca.ca\\\/en\\\/galerie-shekon\\\/amanda-roy-azhinoowamaaidim\\\/#breadcrumb\",\"itemListElement\":[{\"@type\":\"ListItem\",\"position\":1,\"name\":\"Home\",\"item\":\"https:\\\/\\\/www.baca.ca\\\/en\\\/\"},{\"@type\":\"ListItem\",\"position\":2,\"name\":\"Galerie Sh\u00e9:kon\",\"item\":\"https:\\\/\\\/www.baca.ca\\\/en\\\/galerie-shekon\\\/\"},{\"@type\":\"ListItem\",\"position\":3,\"name\":\"Amanda Roy : Azhinoowamaa\u2019idim\"}]},{\"@type\":\"WebSite\",\"@id\":\"https:\\\/\\\/www.baca.ca\\\/en\\\/#website\",\"url\":\"https:\\\/\\\/www.baca.ca\\\/en\\\/\",\"name\":\"La Biennale d\u2019art contemporain autochtone\",\"description\":\"Contemporary Native Art Biennial (BACA)\",\"publisher\":{\"@id\":\"https:\\\/\\\/www.baca.ca\\\/en\\\/#organization\"},\"potentialAction\":[{\"@type\":\"SearchAction\",\"target\":{\"@type\":\"EntryPoint\",\"urlTemplate\":\"https:\\\/\\\/www.baca.ca\\\/en\\\/?s={search_term_string}\"},\"query-input\":{\"@type\":\"PropertyValueSpecification\",\"valueRequired\":true,\"valueName\":\"search_term_string\"}}],\"inLanguage\":\"en-US\"},{\"@type\":\"Organization\",\"@id\":\"https:\\\/\\\/www.baca.ca\\\/en\\\/#organization\",\"name\":\"BACA\",\"url\":\"https:\\\/\\\/www.baca.ca\\\/en\\\/\",\"logo\":{\"@type\":\"ImageObject\",\"inLanguage\":\"en-US\",\"@id\":\"https:\\\/\\\/www.baca.ca\\\/en\\\/#\\\/schema\\\/logo\\\/image\\\/\",\"url\":\"https:\\\/\\\/www.baca.ca\\\/wp-content\\\/uploads\\\/2018\\\/03\\\/BACA.png\",\"contentUrl\":\"https:\\\/\\\/www.baca.ca\\\/wp-content\\\/uploads\\\/2018\\\/03\\\/BACA.png\",\"width\":220,\"height\":50,\"caption\":\"BACA\"},\"image\":{\"@id\":\"https:\\\/\\\/www.baca.ca\\\/en\\\/#\\\/schema\\\/logo\\\/image\\\/\"},\"sameAs\":[\"https:\\\/\\\/www.facebook.com\\\/bacabiennale\\\/\",\"https:\\\/\\\/www.instagram.com\\\/bacabiennale\",\"https:\\\/\\\/bsky.app\\\/profile\\\/bacabiennale.bsky.social\"]}]}<\/script>\n<!-- \/ Yoast SEO plugin. -->","yoast_head_json":{"title":"Amanda Roy : Azhinoowamaa\u2019idim | La Biennale d\u2019art contemporain autochtone","robots":{"index":"index","follow":"follow","max-snippet":"max-snippet:-1","max-image-preview":"max-image-preview:large","max-video-preview":"max-video-preview:-1"},"canonical":"https:\/\/www.baca.ca\/en\/galerie-shekon\/amanda-roy-azhinoowamaaidim\/","og_locale":"en_US","og_type":"article","og_title":"Amanda Roy : Azhinoowamaa\u2019idim | La Biennale d\u2019art contemporain autochtone","og_description":"[vc_row][vc_column width=&#8221;1\/2&#8243;][vc_column_text uncode_shortcode_id=&#8221;392422&#8243;]September 10 \u2013 December 17, 2022 Opening reception: Saturday, September 10, 2022 from 3:00 to 5:00 p.m. Amanda [&hellip;]","og_url":"https:\/\/www.baca.ca\/en\/galerie-shekon\/amanda-roy-azhinoowamaaidim\/","og_site_name":"La Biennale d\u2019art contemporain autochtone","article_publisher":"https:\/\/www.facebook.com\/bacabiennale\/","article_modified_time":"2024-01-23T19:20:14+00:00","og_image":[{"width":1536,"height":765,"url":"https:\/\/www.baca.ca\/wp-content\/uploads\/2022\/08\/Amanda-Roy.jpg","type":"image\/jpeg"}],"twitter_card":"summary_large_image","twitter_misc":{"Est. reading time":"3 minutes"},"schema":{"@context":"https:\/\/schema.org","@graph":[{"@type":"WebPage","@id":"https:\/\/www.baca.ca\/en\/galerie-shekon\/amanda-roy-azhinoowamaaidim\/","url":"https:\/\/www.baca.ca\/en\/galerie-shekon\/amanda-roy-azhinoowamaaidim\/","name":"Amanda Roy : Azhinoowamaa\u2019idim | La Biennale d\u2019art contemporain autochtone","isPartOf":{"@id":"https:\/\/www.baca.ca\/en\/#website"},"primaryImageOfPage":{"@id":"https:\/\/www.baca.ca\/en\/galerie-shekon\/amanda-roy-azhinoowamaaidim\/#primaryimage"},"image":{"@id":"https:\/\/www.baca.ca\/en\/galerie-shekon\/amanda-roy-azhinoowamaaidim\/#primaryimage"},"thumbnailUrl":"https:\/\/www.baca.ca\/wp-content\/uploads\/2022\/08\/Amanda-Roy.jpg","datePublished":"2022-09-02T16:12:10+00:00","dateModified":"2024-01-23T19:20:14+00:00","breadcrumb":{"@id":"https:\/\/www.baca.ca\/en\/galerie-shekon\/amanda-roy-azhinoowamaaidim\/#breadcrumb"},"inLanguage":"en-US","potentialAction":[{"@type":"ReadAction","target":["https:\/\/www.baca.ca\/en\/galerie-shekon\/amanda-roy-azhinoowamaaidim\/"]}]},{"@type":"ImageObject","inLanguage":"en-US","@id":"https:\/\/www.baca.ca\/en\/galerie-shekon\/amanda-roy-azhinoowamaaidim\/#primaryimage","url":"https:\/\/www.baca.ca\/wp-content\/uploads\/2022\/08\/Amanda-Roy.jpg","contentUrl":"https:\/\/www.baca.ca\/wp-content\/uploads\/2022\/08\/Amanda-Roy.jpg","width":1536,"height":765,"caption":"Amanda Roy"},{"@type":"BreadcrumbList","@id":"https:\/\/www.baca.ca\/en\/galerie-shekon\/amanda-roy-azhinoowamaaidim\/#breadcrumb","itemListElement":[{"@type":"ListItem","position":1,"name":"Home","item":"https:\/\/www.baca.ca\/en\/"},{"@type":"ListItem","position":2,"name":"Galerie Sh\u00e9:kon","item":"https:\/\/www.baca.ca\/en\/galerie-shekon\/"},{"@type":"ListItem","position":3,"name":"Amanda Roy : Azhinoowamaa\u2019idim"}]},{"@type":"WebSite","@id":"https:\/\/www.baca.ca\/en\/#website","url":"https:\/\/www.baca.ca\/en\/","name":"La Biennale d\u2019art contemporain autochtone","description":"Contemporary Native Art Biennial (BACA)","publisher":{"@id":"https:\/\/www.baca.ca\/en\/#organization"},"potentialAction":[{"@type":"SearchAction","target":{"@type":"EntryPoint","urlTemplate":"https:\/\/www.baca.ca\/en\/?s={search_term_string}"},"query-input":{"@type":"PropertyValueSpecification","valueRequired":true,"valueName":"search_term_string"}}],"inLanguage":"en-US"},{"@type":"Organization","@id":"https:\/\/www.baca.ca\/en\/#organization","name":"BACA","url":"https:\/\/www.baca.ca\/en\/","logo":{"@type":"ImageObject","inLanguage":"en-US","@id":"https:\/\/www.baca.ca\/en\/#\/schema\/logo\/image\/","url":"https:\/\/www.baca.ca\/wp-content\/uploads\/2018\/03\/BACA.png","contentUrl":"https:\/\/www.baca.ca\/wp-content\/uploads\/2018\/03\/BACA.png","width":220,"height":50,"caption":"BACA"},"image":{"@id":"https:\/\/www.baca.ca\/en\/#\/schema\/logo\/image\/"},"sameAs":["https:\/\/www.facebook.com\/bacabiennale\/","https:\/\/www.instagram.com\/bacabiennale","https:\/\/bsky.app\/profile\/bacabiennale.bsky.social"]}]}},"_links":{"self":[{"href":"https:\/\/www.baca.ca\/en\/wp-json\/wp\/v2\/pages\/87009","targetHints":{"allow":["GET"]}}],"collection":[{"href":"https:\/\/www.baca.ca\/en\/wp-json\/wp\/v2\/pages"}],"about":[{"href":"https:\/\/www.baca.ca\/en\/wp-json\/wp\/v2\/types\/page"}],"author":[{"embeddable":true,"href":"https:\/\/www.baca.ca\/en\/wp-json\/wp\/v2\/users\/1"}],"replies":[{"embeddable":true,"href":"https:\/\/www.baca.ca\/en\/wp-json\/wp\/v2\/comments?post=87009"}],"version-history":[{"count":0,"href":"https:\/\/www.baca.ca\/en\/wp-json\/wp\/v2\/pages\/87009\/revisions"}],"up":[{"embeddable":true,"href":"https:\/\/www.baca.ca\/en\/wp-json\/wp\/v2\/pages\/86609"}],"wp:featuredmedia":[{"embeddable":true,"href":"https:\/\/www.baca.ca\/en\/wp-json\/wp\/v2\/media\/86578"}],"wp:attachment":[{"href":"https:\/\/www.baca.ca\/en\/wp-json\/wp\/v2\/media?parent=87009"}],"curies":[{"name":"wp","href":"https:\/\/api.w.org\/{rel}","templated":true}]}}